{"id":488,"date":"2023-11-03T00:02:42","date_gmt":"2023-11-03T00:02:42","guid":{"rendered":"https:\/\/5deabrilde15232.com\/?page_id=488"},"modified":"2023-11-03T00:02:42","modified_gmt":"2023-11-03T00:02:42","slug":"concierto_mcq","status":"publish","type":"page","link":"https:\/\/5deabrilde15232.com\/index.php\/concierto_mcq\/","title":{"rendered":"concierto_mcq"},"content":{"rendered":"<p>[et_pb_section fb_built=&#8221;1&#8243; _builder_version=&#8221;4.21.0&#8243; _module_preset=&#8221;default&#8221; background_color=&#8221;gcid-d06a74c0-103f-41bd-b263-26f07fa3acc5&#8243; custom_padding=&#8221;7px||4px|||&#8221; global_colors_info=&#8221;{%22gcid-d06a74c0-103f-41bd-b263-26f07fa3acc5%22:%91%22background_color%22%93}&#8221;][et_pb_row _builder_version=&#8221;4.21.0&#8243; _module_preset=&#8221;default&#8221; global_colors_info=&#8221;{}&#8221;][et_pb_column type=&#8221;4_4&#8243; _builder_version=&#8221;4.21.0&#8243; _module_preset=&#8221;default&#8221; global_colors_info=&#8221;{}&#8221;][et_pb_text _builder_version=&#8221;4.21.0&#8243; _module_preset=&#8221;default&#8221; header_2_text_align=&#8221;center&#8221; header_2_text_color=&#8221;gcid-450e7035-fed4-479c-a2c4-dafe32bb1d01&#8243; header_3_text_color=&#8221;gcid-8b327c80-42ce-4469-b0d0-cd77681e6755&#8243; global_colors_info=&#8221;{%22gcid-8b327c80-42ce-4469-b0d0-cd77681e6755%22:%91%22header_3_text_color%22%93,%22gcid-450e7035-fed4-479c-a2c4-dafe32bb1d01%22:%91%22header_2_text_color%22%93}&#8221;]<\/p>\n<h2><span>Programa P\u00fablico<\/span><\/h2>\n<p>[\/et_pb_text][\/et_pb_column][\/et_pb_row][\/et_pb_section][et_pb_section fb_built=&#8221;1&#8243; _builder_version=&#8221;4.21.0&#8243; _module_preset=&#8221;default&#8221; background_color=&#8221;gcid-95532fe2-b533-45be-a1fd-121a4e99dc88&#8243; global_colors_info=&#8221;{%22gcid-95532fe2-b533-45be-a1fd-121a4e99dc88%22:%91%22background_color%22%93}&#8221;][et_pb_row column_structure=&#8221;1_3,1_3,1_3&#8243; _builder_version=&#8221;4.21.0&#8243; _module_preset=&#8221;default&#8221; max_width=&#8221;2560px&#8221; module_alignment=&#8221;center&#8221; custom_padding=&#8221;|80px||80px|false|false&#8221; global_colors_info=&#8221;{}&#8221;][et_pb_column type=&#8221;1_3&#8243; _builder_version=&#8221;4.21.0&#8243; _module_preset=&#8221;default&#8221; global_colors_info=&#8221;{}&#8221;][difl_justifiedgallery gallery=&#8221;490,484&#8243; rowheight=&#8221;165&#8243; space_between=&#8221;2&#8243; use_lightbox=&#8221;on&#8221; _builder_version=&#8221;4.23&#8243; _module_preset=&#8221;default&#8221; hover_enabled=&#8221;0&#8243; global_colors_info=&#8221;{}&#8221; sticky_enabled=&#8221;0&#8243;][\/difl_justifiedgallery][\/et_pb_column][et_pb_column type=&#8221;1_3&#8243; _builder_version=&#8221;4.21.0&#8243; _module_preset=&#8221;default&#8221; global_colors_info=&#8221;{}&#8221;][et_pb_text _builder_version=&#8221;4.23&#8243; _module_preset=&#8221;default&#8221; header_2_font=&#8221;Crimson Pro||on||||||&#8221; custom_margin=&#8221;||24px|||&#8221; hover_enabled=&#8221;0&#8243; global_colors_info=&#8221;{}&#8221; sticky_enabled=&#8221;0&#8243;]<\/p>\n<h4 class=\"p1\"><strong><span class=\"s1\"><i>V.IV.XVCCXXXII<\/i><\/span><\/strong><\/h4>\n<p class=\"p1\"><b>CONCIERTO para 13 percusionistas<\/b><\/p>\n<p class=\"p1\">En el marco de la exposici\u00f3n <span class=\"s1\"><i>5 de abril de 15,232<\/i><\/span>* &#8211; <span class=\"s1\"><i>un momento sin testigo<\/i><\/span> \u2013 que se presenta en el<br \/><b>Museo de la Ciudad de Quer\u00e9taro<\/b>, se present\u00f3 el concierto para 13 percusionistas.<span class=\"Apple-converted-space\">\u00a0<\/span><\/p>\n<p class=\"p1\">El concierto, es una propuesta sonora para abordar el tema de los movimientos astrales en<span class=\"Apple-converted-space\">\u00a0 <\/span>contexto con la exposici\u00f3n que se exhibe en el museo. <span class=\"s1\"><i>5 de abril de 15,232<\/i><\/span> es una fecha donde el c\u00e1lculo astron\u00f3mico proyecta la coincidencia en la que suceder\u00e1n simult\u00e1neamente un eclipse total de Sol y un tr\u00e1nsito de Venus. En el pasado no existe registro humano de este fen\u00f3meno celeste.<\/p>\n<p class=\"p1\">El concierto fue dirigido por el compositor <b>Emilio Hinojosa Carri\u00f3n<\/b> y <b>Ale de la Puente<\/b> como directora de escena, y cont\u00f3 con la participaci\u00f3n de <b>Abraham Parra<\/b>, instrumentista de CEPROMUSIC.<\/p>\n<p class=\"p1\">___<\/p>\n<p class=\"p1\">\n<p class=\"p1\">[\/et_pb_text][et_pb_text _builder_version=&#8221;4.23&#8243; _module_preset=&#8221;default&#8221; text_font_size=&#8221;11px&#8221; hover_enabled=&#8221;0&#8243; global_colors_info=&#8221;{}&#8221; sticky_enabled=&#8221;0&#8243;]<\/p>\n<p class=\"p1\"><b>Abraham Parra<\/b><\/p>\n<p class=\"p2\">Ha participado en diferentes conciertos, festivales y recitales en distintos estados de la Rep\u00fablica Mexicana y en el Distrito Federal con la Orquesta Sinf\u00f3nica de la ENM, Orquesta Filarm\u00f3nica de Zacatecas, Orquesta Sinf\u00f3nica de Oaxaca, Orquesta Sinf\u00f3nica Juvenil Eduardo Mata, Orquesta de Percusiones de la ENM, Ensamble CEPROMUSIC, Seminario de m\u00fasica contempor\u00e1nea de la FaM con distintos ensambles de c\u00e1mara y como solista. En el a\u00f1o 2012 gan\u00f3 el concurso para solistas al que convoca la Orquesta Sinf\u00f3nica de la Escuela Nacional de M\u00fasica.<\/p>\n<p class=\"p2\">Fue seleccionado por 2 a\u00f1os consecutivos por la Academia Cervantina (2014, 2015), llevada a cabo dentro del marco del Festival Internacional Cervantino (FIC) realizando diferentes conciertos entre los que destacan los realizados con \u201cRed Fish Blue Fish\u201d con la obra Drumming del compositor estadunidense Steve Reich y bajo la direcci\u00f3n de Steven Schick (USA) y Pleiades del compositor griego Iannis Xenakis con Aiyun Huang (China) e Iv\u00e1n Manzanilla (M\u00e9xico).<\/p>\n<p class=\"p2\">Maestro en M\u00fasica con especialidad en Interpretaci\u00f3n por la Facultad de M\u00fasica de la UNAM y desde 2018 es m\u00fasico residente del ensamble CEPROMUSIC.<span class=\"Apple-converted-space\">\u00a0<\/span><\/p>\n<p class=\"p2\">Ha tomado clases con diferentes Maestros como: Steven Schick, Aiyun Huang, Keiko Abe, Mayumi Hama, Keiko Kotoku, Nebojsa Jovan Zivkovic, Ludwig Albert, Iv\u00e1n Manzanilla, Pedro Carneiro, Emmanuel S\u00e9journ\u00e9, Pius Cheung, Gabriela Jim\u00e9nez, John Ferrari, Frank Cassara, Orlando Aguilar, por mencionar algunos.<\/p>\n<p>[\/et_pb_text][\/et_pb_column][et_pb_column type=&#8221;1_3&#8243; _builder_version=&#8221;4.21.0&#8243; _module_preset=&#8221;default&#8221; global_colors_info=&#8221;{}&#8221;][et_pb_text _builder_version=&#8221;4.23&#8243; _module_preset=&#8221;default&#8221; text_line_height=&#8221;1em&#8221; hover_enabled=&#8221;0&#8243; global_colors_info=&#8221;{}&#8221; sticky_enabled=&#8221;0&#8243;][\/et_pb_text][\/et_pb_column][\/et_pb_row][\/et_pb_section]<\/p>\n","protected":false},"excerpt":{"rendered":"<p>Programa P\u00fablico<div class=\"et_pb_with_border et_pb_module difl_justifiedgallery difl_justifiedgallery_0\">\n\t\t\t\t\n\t\t\t\t\n\t\t\t\t\n\t\t\t\t\n\t\t\t\t\n\t\t\t\t\n\t\t\t\t<div class=\"et_pb_module_inner\">\n\t\t\t\t\t<div class=\"df_jsg_container ig_has_lightbox\" data-settings='{\"gallery\":\"490,484\",\"rowHeight\":\"165\",\"margin\":\"2\",\"show_caption\":\"off\",\"show_description\":\"off\",\"load_more\":\"off\",\"image_count\":\"4\",\"ini_count\":\"8\",\"show_content_lg\":\"off\",\"use_lightbox\":\"on\",\"use_lightbox_download\":\"off\",\"content_reveal_caption\":\"c4-fade-up\",\"content_reveal_description\":\"c4-fade-up\",\"content_position\":\"c4-layout-top-left\",\"image_scale\":\"no-image-scale\",\"overlay\":\"off\",\"image_size\":\"medium\",\"caption_tag\":\"h4\",\"description_tag\":\"p\",\"border_anim\":\"off\",\"border_anm_style\":\"c4-border-fade\",\"use_url\":\"off\",\"url_target\":\"same_window\"}'>\r\n                <div class=\"justified-gallery\"><figure class=\"c4-izmir df_jsg_image no-image-scale  has_overlay  image_loading\" data-src=\"https:\/\/5deabrilde15232.com\/wp-content\/uploads\/2023\/11\/convocatoria_redes.jpg\"  >\r\n                    \r\n                    \r\n                    <img loading=\"lazy\" decoding=\"async\" class=\"jsg-image\" src=\"https:\/\/5deabrilde15232.com\/wp-content\/uploads\/2023\/11\/convocatoria_redes-300x300.jpg\" alt=\"\" class=\"\" width=\"300\" height=\"300\"\/>\r\n                    <figcaption class=\"df_jsg_content c4-layout-top-left\">\r\n                        \r\n                    <\/figcaption>\r\n                <\/figure><figure class=\"c4-izmir df_jsg_image no-image-scale  has_overlay  image_loading\" data-src=\"https:\/\/5deabrilde15232.com\/wp-content\/uploads\/2023\/11\/P1090831-scaled.jpg\"  >\r\n                    \r\n                    \r\n                    <img loading=\"lazy\" decoding=\"async\" class=\"jsg-image\" src=\"https:\/\/5deabrilde15232.com\/wp-content\/uploads\/2023\/11\/P1090831-300x200.jpg\" alt=\"\" class=\"\" width=\"300\" height=\"200\"\/>\r\n                    <figcaption class=\"df_jsg_content c4-layout-top-left\">\r\n                        \r\n                    <\/figcaption>\r\n                <\/figure><\/div>\r\n                \r\n            <\/div>\n\t\t\t\t<\/div>\n\t\t\t<\/div>V.IV.XVCCXXXII CONCIERTO para 13 percusionistas En el marco de la exposici\u00f3n 5 de abril de 15,232* &#8211; un momento sin testigo \u2013 que se presenta en elMuseo de la Ciudad de Quer\u00e9taro, se present\u00f3 el concierto para 13 percusionistas.\u00a0 El concierto, es una propuesta sonora [&hellip;]<\/p>\n","protected":false},"author":2,"featured_media":0,"parent":0,"menu_order":0,"comment_status":"closed","ping_status":"closed","template":"","meta":{"_et_pb_use_builder":"on","_et_pb_old_content":"","_et_gb_content_width":"","footnotes":""},"class_list":["post-488","page","type-page","status-publish","hentry"],"_links":{"self":[{"href":"https:\/\/5deabrilde15232.com\/index.php\/wp-json\/wp\/v2\/pages\/488","targetHints":{"allow":["GET"]}}],"collection":[{"href":"https:\/\/5deabrilde15232.com\/index.php\/wp-json\/wp\/v2\/pages"}],"about":[{"href":"https:\/\/5deabrilde15232.com\/index.php\/wp-json\/wp\/v2\/types\/page"}],"author":[{"embeddable":true,"href":"https:\/\/5deabrilde15232.com\/index.php\/wp-json\/wp\/v2\/users\/2"}],"replies":[{"embeddable":true,"href":"https:\/\/5deabrilde15232.com\/index.php\/wp-json\/wp\/v2\/comments?post=488"}],"version-history":[{"count":2,"href":"https:\/\/5deabrilde15232.com\/index.php\/wp-json\/wp\/v2\/pages\/488\/revisions"}],"predecessor-version":[{"id":492,"href":"https:\/\/5deabrilde15232.com\/index.php\/wp-json\/wp\/v2\/pages\/488\/revisions\/492"}],"wp:attachment":[{"href":"https:\/\/5deabrilde15232.com\/index.php\/wp-json\/wp\/v2\/media?parent=488"}],"curies":[{"name":"wp","href":"https:\/\/api.w.org\/{rel}","templated":true}]}}